{"id":6246,"date":"2020-07-11T20:20:58","date_gmt":"2020-07-11T18:20:58","guid":{"rendered":"https:\/\/www.cartigre.com\/botiga123\/?page_id=6246"},"modified":"2020-07-11T23:35:37","modified_gmt":"2020-07-11T21:35:37","slug":"politica-de-privacidad","status":"publish","type":"page","link":"https:\/\/www.cartigre.com\/es\/politica-de-privacidad\/","title":{"rendered":"Pol\u00edtica de Privacidad"},"content":{"rendered":"<div class=\"wpb-content-wrapper\"><p>[vc_row][vc_column css=\u00bb.vc_custom_1527240190798{padding-top: 0px !important;}\u00bb]\n\t\t<div id=\"wd-5f0a03353d20d\" class=\"title-wrapper wd-wpb wd-set-mb reset-last-child  wd-rs-5f0a03353d20d wd-title-color-default wd-title-style-default text-center  wd-underline-colored\">\n\t\t\t\n\t\t\t<div class=\"liner-continer\">\n\t\t\t\t<h3 class=\"woodmart-title-container title  wd-font-weight- wd-fontsize-l\" >INFORMACI\u00d3N SOBRE LA PROTECCI\u00d3N DE DATOS<\/h3>\n\t\t\t\t\t\t\t<\/div>\n\t\t\t\n\t\t\t\n\t\t\t\n\t\t<\/div>\n\t\t\n\t\t[\/vc_column][\/vc_row][vc_row css=\u00bb.vc_custom_1528700414903{margin-right: 0px !important;margin-bottom: 25px !important;margin-left: 0px !important;border-top-width: 1px !important;border-right-width: 1px !important;border-bottom-width: 1px !important;border-left-width: 1px !important;padding-top: 30px !important;padding-right: 15px !important;padding-bottom: 30px !important;padding-left: 15px !important;background-color: #ffffff !important;border-left-color: #e7e7e7 !important;border-left-style: solid !important;border-right-color: #e7e7e7 !important;border-right-style: solid !important;border-top-color: #e7e7e7 !important;border-top-style: solid !important;border-bottom-color: #e7e7e7 !important;border-bottom-style: solid !important;}\u00bb][vc_column css=\u00bb.vc_custom_1527238251732{padding-top: 0px !important;}\u00bb]\t\t\t<div id=\"wd-5f0a034da4c8a\" class=\"wd-text-block-wrapper wd-wpb wd-rs-5f0a034da4c8a color-scheme-dark text-left vc_custom_1594491734707\">\n\t\t\t\t<div class=\"woodmart-title-container woodmart-text-block reset-last-child font-primary wd-font-weight-600 \">\n\t\t\t\t\t<span class=\"color-primary\"><strong>1.<\/strong><\/span> DATOS RELATIVOS AL RESPONSABLE\t\t\t\t<\/div>\n\n\t\t\t\t\t\t\t<\/div>\n\t\t[vc_column_text css=\u00bb.vc_custom_1594491872121{margin-bottom: 0px !important;}\u00bb el_class=\u00bbtext-larger\u00bb text_larger=\u00bbno\u00bb]<strong>Responsable Tratamiento<\/strong><\/p>\n<ul>\n<li>Entidad: CARTONATGES EL TIGRE, S.C.C.L.<\/li>\n<li>CIF de la entidad: F58175522<\/li>\n<li>Direccion de la entidad: CAM\u00cd CAPELLANS, S\/N &#8211; (08800) VILANOVA I LA GELTRU<\/li>\n<li>Email de la entidad: INFO@CARTIGRE.COM<\/li>\n<li>Responsable del tratamiento: RAIMON BARNEDA DOMINGO<\/li>\n<li>Tel\u00e9fono del Responsable del tratamiento: 639 34 38 01<\/li>\n<li>Direcci\u00f3n email del Responsable del tratamiento: INFO@CARTIGRE.COM<\/li>\n<\/ul>\n<p>[\/vc_column_text][\/vc_column][\/vc_row][vc_row css=\u00bb.vc_custom_1528700432537{margin-right: 0px !important;margin-bottom: 25px !important;margin-left: 0px !important;border-top-width: 1px !important;border-right-width: 1px !important;border-bottom-width: 1px !important;border-left-width: 1px !important;padding-top: 30px !important;padding-right: 15px !important;padding-bottom: 30px !important;padding-left: 15px !important;background-color: #ffffff !important;border-left-color: #e7e7e7 !important;border-left-style: solid !important;border-right-color: #e7e7e7 !important;border-right-style: solid !important;border-top-color: #e7e7e7 !important;border-top-style: solid !important;border-bottom-color: #e7e7e7 !important;border-bottom-style: solid !important;}\u00bb][vc_column css=\u00bb.vc_custom_1527238251732{padding-top: 0px !important;}\u00bb]\t\t\t<div id=\"wd-5f0a03e932c6a\" class=\"wd-text-block-wrapper wd-wpb wd-rs-5f0a03e932c6a color-scheme-dark text-left vc_custom_1594491885405\">\n\t\t\t\t<div class=\"woodmart-title-container woodmart-text-block reset-last-child font-primary wd-font-weight-600 \">\n\t\t\t\t\t<strong><span class=\"color-primary\">2.<\/span><\/strong> FINALIDADES\t\t\t\t<\/div>\n\n\t\t\t\t\t\t\t<\/div>\n\t\t[vc_column_text css=\u00bb.vc_custom_1594492358290{margin-bottom: 0px !important;}\u00bb text_larger=\u00bbno\u00bb]En cumplimiento de lo dispuesto en el Reglamento Europeo 2016\/679 General de Protecci\u00f3n de Datos y la Ley Org\u00e1nica 3\/2018 de Protecci\u00f3n de Datos Personales y Garant\u00eda de Derechos Digitales, le informamos de que, dependiendo de la relaci\u00f3n que tenga con nosotros, en <strong>CARTONATGES EL TIGRE, S.C.C.L.<\/strong> tratamos los datos que nos facilita para alguna, o todas, las siguientes finalidades:<\/p>\n<ul>\n<li>Archivo\/historial de trabajadores y extrabajadores de la empresa.<\/li>\n<li>Compra\/venta de material.<\/li>\n<li>Control y supervisi\u00f3n de la eficiencia y calidad de la entidad.<\/li>\n<li>Coordinaci\u00f3n de actividades empresariales.<\/li>\n<li>Creaci\u00f3n de contratos, confecci\u00f3n de n\u00f3minas y otras tareas relacionadas.<\/li>\n<li>Datos de ubicaci\u00f3n\/localizaci\u00f3n de los empleados durante la jornada laboral.<\/li>\n<li>o Datos de ubicaci\u00f3n\/localizaci\u00f3n durante la jornada laboral, con el objetivo del control de la eficiencia de la entidad.<\/li>\n<li>Formaci\u00f3n.<\/li>\n<li>Gesti\u00f3n contable, administrativa, de facturaci\u00f3n y gesti\u00f3n de cobros.<\/li>\n<li>Gesti\u00f3n contable, administrativa, de facturaci\u00f3n, de cobros y pagos.<\/li>\n<li>Informaci\u00f3n comercial mediante correos electr\u00f3nicos desde la plataforma MailChimp, sin que el Responsable pueda asegurar unas correctas medidas de seguridad y tratamiento adecuados al RGPD de la propia plataforma.<\/li>\n<li>Informaci\u00f3n procedente de Cookies.<\/li>\n<li>Mantenimiento de la relaci\u00f3n laboral y contra-prestaci\u00f3n por los trabajos realizados.<\/li>\n<li>Prestarles un servicio.<\/li>\n<li>Publicaci\u00f3n de datos de car\u00e1cter personal en las diferentes redes sociales u otros m\u00e9todos de publicaci\u00f3n.<\/li>\n<li>Realizaci\u00f3n de cobro mediante TPV.<\/li>\n<li>Realizaci\u00f3n de la declaraci\u00f3n de la renta y otros trabajos derivados de actividades asesoras\/gestoras.<\/li>\n<li>Realizar pedidos.<\/li>\n<li>Recepci\u00f3n de la prestaci\u00f3n de un servicio.<\/li>\n<li>Registro evolutivo de los trabajos realizados.<\/li>\n<li>Tramitaci\u00f3n de altas y bajas por enfermedad com\u00fan o accidente laboral.<\/li>\n<li>Tratamiento de datos para garant\u00edas y devoluciones de art\u00edculos\/productos.<\/li>\n<li>Utilizaci\u00f3n de datos derivados de las actividades de la empresa.<\/li>\n<li>Utilizaci\u00f3n de huella dactilar en dispositivos de la empresa, para el control horario de la jornada laboral.<\/li>\n<\/ul>\n<p>[\/vc_column_text][\/vc_column][\/vc_row][vc_row css=\u00bb.vc_custom_1528700436855{margin-right: 0px !important;margin-bottom: 25px !important;margin-left: 0px !important;border-top-width: 1px !important;border-right-width: 1px !important;border-bottom-width: 1px !important;border-left-width: 1px !important;padding-top: 30px !important;padding-right: 15px !important;padding-bottom: 30px !important;padding-left: 15px !important;background-color: #ffffff !important;border-left-color: #e7e7e7 !important;border-left-style: solid !important;border-right-color: #e7e7e7 !important;border-right-style: solid !important;border-top-color: #e7e7e7 !important;border-top-style: solid !important;border-bottom-color: #e7e7e7 !important;border-bottom-style: solid !important;}\u00bb][vc_column css=\u00bb.vc_custom_1527238251732{padding-top: 0px !important;}\u00bb]\t\t\t<div id=\"wd-5f0a0607bc875\" class=\"wd-text-block-wrapper wd-wpb wd-rs-5f0a0607bc875 color-scheme-dark text-left vc_custom_1594492439350\">\n\t\t\t\t<div class=\"woodmart-title-container woodmart-text-block reset-last-child font-primary wd-font-weight-600 \">\n\t\t\t\t\t<strong><span class=\"color-primary\">3.<\/span><\/strong> PLAZO DE CONSERVACI\u00d3N DE LOS DATOS\t\t\t\t<\/div>\n\n\t\t\t\t\t\t\t<\/div>\n\t\t[vc_column_text css=\u00bb.vc_custom_1594492462311{margin-bottom: 0px !important;}\u00bb el_class=\u00bbtext-larger\u00bb text_larger=\u00bbno\u00bb]Sus datos ser\u00e1n conservados mientras dure la relaci\u00f3n contractual, comercial o de otro tipo con nuestra entidad, solicite su supresi\u00f3n, as\u00ed como el tiempo necesario para cumplir las obligaciones legales.[\/vc_column_text][\/vc_column][\/vc_row][vc_row css=\u00bb.vc_custom_1528700440423{margin-right: 0px !important;margin-bottom: 25px !important;margin-left: 0px !important;border-top-width: 1px !important;border-right-width: 1px !important;border-bottom-width: 1px !important;border-left-width: 1px !important;padding-top: 30px !important;padding-right: 15px !important;padding-bottom: 30px !important;padding-left: 15px !important;background-color: #ffffff !important;border-left-color: #e7e7e7 !important;border-left-style: solid !important;border-right-color: #e7e7e7 !important;border-right-style: solid !important;border-top-color: #e7e7e7 !important;border-top-style: solid !important;border-bottom-color: #e7e7e7 !important;border-bottom-style: solid !important;}\u00bb][vc_column css=\u00bb.vc_custom_1527238251732{padding-top: 0px !important;}\u00bb]\t\t\t<div id=\"wd-5f0a0637944f7\" class=\"wd-text-block-wrapper wd-wpb wd-rs-5f0a0637944f7 color-scheme-dark text-left vc_custom_1594492475366\">\n\t\t\t\t<div class=\"woodmart-title-container woodmart-text-block reset-last-child font-primary wd-font-weight-600 \">\n\t\t\t\t\t<strong><span class=\"color-primary\">4.<\/span><\/strong> LEGITIMACI\u00d3N\t\t\t\t<\/div>\n\n\t\t\t\t\t\t\t<\/div>\n\t\t[vc_column_text css=\u00bb.vc_custom_1594492609986{margin-bottom: 0px !important;}\u00bb el_class=\u00bbtext-larger\u00bb text_larger=\u00bbno\u00bb]La base legal para el tratamiento de tus datos radica por:<\/p>\n<ul>\n<li>Consentimiento inequ\u00edvoco.<\/li>\n<li>Ejecuci\u00f3n de un contrato.<\/li>\n<li>Inter\u00e9s leg\u00edtimo por parte del responsable del tratamiento.<\/li>\n<\/ul>\n<p>[\/vc_column_text][\/vc_column][\/vc_row][vc_row css=\u00bb.vc_custom_1528700444689{margin-right: 0px !important;margin-bottom: 25px !important;margin-left: 0px !important;border-top-width: 1px !important;border-right-width: 1px !important;border-bottom-width: 1px !important;border-left-width: 1px !important;padding-top: 30px !important;padding-right: 15px !important;padding-bottom: 30px !important;padding-left: 15px !important;background-color: #ffffff !important;border-left-color: #e7e7e7 !important;border-left-style: solid !important;border-right-color: #e7e7e7 !important;border-right-style: solid !important;border-top-color: #e7e7e7 !important;border-top-style: solid !important;border-bottom-color: #e7e7e7 !important;border-bottom-style: solid !important;}\u00bb][vc_column css=\u00bb.vc_custom_1527238251732{padding-top: 0px !important;}\u00bb]\t\t\t<div id=\"wd-5f0a06c9e1d9b\" class=\"wd-text-block-wrapper wd-wpb wd-rs-5f0a06c9e1d9b color-scheme-dark text-left vc_custom_1594492621418\">\n\t\t\t\t<div class=\"woodmart-title-container woodmart-text-block reset-last-child font-primary wd-font-weight-600 \">\n\t\t\t\t\t<strong><span class=\"color-primary\">5.<\/span><\/strong> DESTINATARIOS\t\t\t\t<\/div>\n\n\t\t\t\t\t\t\t<\/div>\n\t\t[vc_column_text css=\u00bb.vc_custom_1594492730598{margin-bottom: 0px !important;}\u00bb el_class=\u00bbtext-larger\u00bb text_larger=\u00bbno\u00bb]Sus datos personales ser\u00e1n comunicados a terceros en los siguientes supuestos:<\/p>\n<ul>\n<li>Administraci\u00f3n tributaria.<\/li>\n<li>Bancos y entidades financieras.<\/li>\n<li>Entidades de Consultor\u00eda\/Auditor\u00eda.<\/li>\n<li>Entidades inform\u00e1ticas de mantenimiento de software y hardware.<\/li>\n<li>Gestor\u00eda\/Asesor\u00eda<\/li>\n<li>Seguridad social.<\/li>\n<li>Servicio de Prevenci\u00f3n de Riesgos Laborales.<\/li>\n<\/ul>\n<p>[\/vc_column_text][\/vc_column][\/vc_row][vc_row css=\u00bb.vc_custom_1528700448393{margin-right: 0px !important;margin-bottom: 25px !important;margin-left: 0px !important;border-top-width: 1px !important;border-right-width: 1px !important;border-bottom-width: 1px !important;border-left-width: 1px !important;padding-top: 30px !important;padding-right: 15px !important;padding-bottom: 30px !important;padding-left: 15px !important;background-color: #ffffff !important;border-left-color: #e7e7e7 !important;border-left-style: solid !important;border-right-color: #e7e7e7 !important;border-right-style: solid !important;border-top-color: #e7e7e7 !important;border-top-style: solid !important;border-bottom-color: #e7e7e7 !important;border-bottom-style: solid !important;}\u00bb][vc_column css=\u00bb.vc_custom_1527238251732{padding-top: 0px !important;}\u00bb]\t\t\t<div id=\"wd-5f0a074391000\" class=\"wd-text-block-wrapper wd-wpb wd-rs-5f0a074391000 color-scheme-dark text-left vc_custom_1594492755841\">\n\t\t\t\t<div class=\"woodmart-title-container woodmart-text-block reset-last-child font-primary wd-font-weight-600 \">\n\t\t\t\t\t<strong><span class=\"color-primary\">6.<\/span><\/strong> DERECHOS\t\t\t\t<\/div>\n\n\t\t\t\t\t\t\t<\/div>\n\t\t[vc_column_text css=\u00bb.vc_custom_1594494272200{margin-bottom: 0px !important;}\u00bb el_class=\u00bbtext-larger\u00bb text_larger=\u00bbno\u00bb]Tiene derecho a obtener confirmaci\u00f3n sobre si en <strong>CARTONATGES EL TIGRE, S.C.C.L.<\/strong> estamos tratando datos personales que le conciernan, o no.<\/p>\n<p>Asimismo, tiene derecho de acceso a sus datos personales, as\u00ed como a solicitar la <em>rectificaci\u00f3n<\/em> de los datos inexactos o, en su caso, solicitar su <em>supresi\u00f3n<\/em> cuando, entre otros motivos, los datos ya no sean necesarios para los fines que fueron recogidos.<\/p>\n<p>En determinadas circunstancias, podr\u00e1 solicitar la <em>limitaci\u00f3n del tratamiento<\/em> de sus datos, en cuyo caso \u00fanicamente los conservaremos para el ejercicio o la defensa de reclamaciones.<\/p>\n<p>Adicionalmente, en determinadas circunstancias y por motivos relacionados con tu situaci\u00f3n particular, podr\u00e1 ejercer el derecho de oposici\u00f3n al tratamiento de sus datos. <strong>CARTONATGES EL TIGRE, S.C.C.L.<\/strong> dejar\u00e1 de tratar los datos, salvo por motivos leg\u00edtimos imperiosos, o el ejercicio o la defensa de posibles reclamaciones.<\/p>\n<p>Asimismo, puede ejercer el derecho a la portabilidad de los datos, as\u00ed como retirar los consentimientos facilitados en cualquier momento, sin que ello afecte a la licitud del tratamiento basado en el consentimiento previo a su retirada.<\/p>\n<p>Si desea hacer uso de cualquiera de tus derechos puede realizarlos a trav\u00e9s de los enlaces habilitados que encontrar\u00e1 a continuaci\u00f3n:<\/p>\n<ul>\n<li>Para ejercer su derecho de <strong>Acceso <\/strong>haga clic <a href=\"https:\/\/intranet.milopd.com\/webApp\/clientes_derechos\/derechos-formulario.php?id_cliente=MFVWNDhzTm13WjBSRXhjYzZLV09Vdz09\" target=\"_blank\" rel=\"noopener\">aqu\u00ed<\/a><\/li>\n<li>Para ejercer su derecho de <strong>Rectificaci\u00f3n<\/strong> haga clic\u00a0<a href=\"https:\/\/intranet.milopd.com\/webApp\/clientes_derechos\/derechos-formulario.php?id_cliente=MFVWNDhzTm13WjBSRXhjYzZLV09Vdz09\" target=\"_blank\" rel=\"noopener\">aqu\u00ed<\/a><\/li>\n<li>Para ejercer su derecho de <strong>Supresi\u00f3n (Olvido)<\/strong> haga clic\u00a0<a href=\"https:\/\/intranet.milopd.com\/webApp\/clientes_derechos\/derechos-formulario.php?id_cliente=MFVWNDhzTm13WjBSRXhjYzZLV09Vdz09\" target=\"_blank\" rel=\"noopener\">aqu\u00ed<\/a><\/li>\n<li>Para ejercer su derecho de <strong>Limitaci\u00f3n del Tratamiento<\/strong> haga clic\u00a0<a href=\"https:\/\/intranet.milopd.com\/webApp\/clientes_derechos\/derechos-formulario.php?id_cliente=MFVWNDhzTm13WjBSRXhjYzZLV09Vdz09\" target=\"_blank\" rel=\"noopener\">aqu\u00ed<\/a><\/li>\n<li>Para ejercer su derecho de <strong>Oposici\u00f3n <\/strong>hagaclic\u00a0<a href=\"https:\/\/intranet.milopd.com\/webApp\/clientes_derechos\/derechos-formulario.php?id_cliente=MFVWNDhzTm13WjBSRXhjYzZLV09Vdz09\" target=\"_blank\" rel=\"noopener\">aqu\u00ed<\/a><\/li>\n<li>Para ejercer su derecho de <strong>Portabilidad <\/strong>haga clic\u00a0<a href=\"https:\/\/intranet.milopd.com\/webApp\/clientes_derechos\/derechos-formulario.php?id_cliente=MFVWNDhzTm13WjBSRXhjYzZLV09Vdz09\" target=\"_blank\" rel=\"noopener\">aqu\u00ed<\/a><\/li>\n<\/ul>\n<p>Alternativamente, tambi\u00e9n puede dirigirse a nosotros mediante correo postal a la siguiente direcci\u00f3n:\u00a0<strong>CAM\u00cd CAPELLANS, S\/N &#8211; (08800) VILANOVA I LA GELTRU<\/strong> adjuntado una fotocopia del DNI, para la certeza de su identidad. Recuerde facilitar la mayor informaci\u00f3n posible sobre su solicitud: Nombre y apellidos, direcci\u00f3n de correo electr\u00f3nico que utiliza para la cuenta o portal objeto de tu solicitud.<\/p>\n<p>Por \u00faltimo, le informamos que puede dirigirse ante la Agencia Espa\u00f1ola de Protecci\u00f3n de Datos y dem\u00e1s organismos p\u00fablicos competentes para cualquier reclamaci\u00f3n derivada del tratamiento de tus datos personales.[\/vc_column_text][\/vc_column][\/vc_row][vc_row css=\u00bb.vc_custom_1528700453524{margin-right: 0px !important;margin-left: 0px !important;border-top-width: 1px !important;border-right-width: 1px !important;border-bottom-width: 1px !important;border-left-width: 1px !important;padding-top: 30px !important;padding-right: 15px !important;padding-bottom: 30px !important;padding-left: 15px !important;background-color: #ffffff !important;border-left-color: #e7e7e7 !important;border-left-style: solid !important;border-right-color: #e7e7e7 !important;border-right-style: solid !important;border-top-color: #e7e7e7 !important;border-top-style: solid !important;border-bottom-color: #e7e7e7 !important;border-bottom-style: solid !important;}\u00bb][vc_column css=\u00bb.vc_custom_1527238251732{padding-top: 0px !important;}\u00bb]\t\t\t<div id=\"wd-5ee95a845c5d0\" class=\"wd-text-block-wrapper wd-wpb wd-rs-5ee95a845c5d0 color-scheme-dark text-left vc_custom_1592351381799\">\n\t\t\t\t<div class=\"woodmart-title-container woodmart-text-block reset-last-child font-primary wd-font-weight-600 \">\n\t\t\t\t\t<strong><span class=\"color-primary\">7.<\/span><\/strong> POL\u00cdTICA DE COOKIES\t\t\t\t<\/div>\n\n\t\t\t\t\t\t\t<\/div>\n\t\t[vc_column_text css=\u00bb.vc_custom_1594494323823{margin-bottom: 0px !important;}\u00bb el_class=\u00bbtext-larger\u00bb text_larger=\u00bbno\u00bb]Para conocer las cookies que utilizamos en nuestra p\u00e1gina, recuerde que puede acceder a nuestra Pol\u00edtica de Cookies a trav\u00e9s del siguiente enlace <a href=\"https:\/\/intranet.milopd.com\/politicaCookies\/index.php?sid=MFVWNDhzTm13WjBSRXhjYzZLV09Vdz09\" target=\"_blank\" rel=\"noopener\">pol\u00edtica de cookies<\/a>.[\/vc_column_text][\/vc_column][\/vc_row]<\/p>\n<\/div>","protected":false},"excerpt":{"rendered":"<p>[vc_row][vc_column css=\u00bb.vc_custom_1527240190798{padding-top: 0px !important;}\u00bb][\/vc_column][\/vc_row][vc_row css=\u00bb.vc_custom_1528700414903{margin-right: 0px !important;margin-bottom: 25px !important;margin-left: 0px !important;border-top-width: 1px !important;border-right-width: 1px !important;border-bottom-width: 1px !important;border-left-width: 1px !important;padding-top: 30px<\/p>\n","protected":false},"author":1,"featured_media":0,"parent":0,"menu_order":0,"comment_status":"closed","ping_status":"closed","template":"","meta":{"footnotes":""},"class_list":["post-6246","page","type-page","status-publish","hentry"],"_links":{"self":[{"href":"https:\/\/www.cartigre.com\/es\/wp-json\/wp\/v2\/pages\/6246","targetHints":{"allow":["GET"]}}],"collection":[{"href":"https:\/\/www.cartigre.com\/es\/wp-json\/wp\/v2\/pages"}],"about":[{"href":"https:\/\/www.cartigre.com\/es\/wp-json\/wp\/v2\/types\/page"}],"author":[{"embeddable":true,"href":"https:\/\/www.cartigre.com\/es\/wp-json\/wp\/v2\/users\/1"}],"replies":[{"embeddable":true,"href":"https:\/\/www.cartigre.com\/es\/wp-json\/wp\/v2\/comments?post=6246"}],"version-history":[{"count":3,"href":"https:\/\/www.cartigre.com\/es\/wp-json\/wp\/v2\/pages\/6246\/revisions"}],"predecessor-version":[{"id":6252,"href":"https:\/\/www.cartigre.com\/es\/wp-json\/wp\/v2\/pages\/6246\/revisions\/6252"}],"wp:attachment":[{"href":"https:\/\/www.cartigre.com\/es\/wp-json\/wp\/v2\/media?parent=6246"}],"curies":[{"name":"wp","href":"https:\/\/api.w.org\/{rel}","templated":true}]}}